{"id":507,"date":"2024-09-24T10:53:12","date_gmt":"2024-09-24T10:53:12","guid":{"rendered":"https:\/\/vs-waldzell.at\/?page_id=507"},"modified":"2024-09-24T10:54:35","modified_gmt":"2024-09-24T10:54:35","slug":"2023-24","status":"publish","type":"page","link":"https:\/\/vs-waldzell.at\/?page_id=507","title":{"rendered":"2023\/24"},"content":{"rendered":"\n<h2 class=\"wp-block-heading\">Wandertag 3a + 3b<\/h2>\n\n\n\n<p>In der vorletzten Schulwoche wanderten die dritten Klassen von Schildorn zum Prameter Badesee. In Pramet durften wir spontan das Stelzhammerhaus von innen betrachten. Am Prameter Badesee angekommen, haben sich die Kinder die Abk\u00fchlung richtig verdient. <\/p>\n\n\n\n<figure class=\"wp-block-image size-full\"><img loading=\"lazy\" decoding=\"async\" width=\"598\" height=\"792\" src=\"https:\/\/vs-waldzell.at\/wp-content\/uploads\/2024\/07\/Wandertag-Pramet.png\" alt=\"\" class=\"wp-image-494\" srcset=\"https:\/\/vs-waldzell.at\/wp-content\/uploads\/2024\/07\/Wandertag-Pramet.png 598w, https:\/\/vs-waldzell.at\/wp-content\/uploads\/2024\/07\/Wandertag-Pramet-227x300.png 227w\" sizes=\"auto, (max-width: 598px) 100vw, 598px\" \/><\/figure>\n\n\n\n<h2 class=\"wp-block-heading\">Projekttag<\/h2>\n\n\n\n<p>Im Zuge unserer Atelierstunden fand am 26.06 der Projekttag statt. Die Experimenten-Gruppe fuhr ins Welios nach Wels. Die Sportgruppe besuchte das Freibad und die Kochgruppe wanderte zu einem Bauernhof in Waldzell. Die Kreativgruppe durfte hinter die Kulissen des Starmovie Ried blicken und anschlie\u00dfend den Film &#8222;Ice Age&#8220; anschauen. Die Theatergruppe fuhr in die Landesmusikschule Ried und f\u00fchrte dort das Theaterst\u00fcck &#8222;K\u00f6nig der L\u00f6wen&#8220; auf. <\/p>\n\n\n\n<figure class=\"wp-block-image size-full\"><img loading=\"lazy\" decoding=\"async\" width=\"614\" height=\"749\" src=\"https:\/\/vs-waldzell.at\/wp-content\/uploads\/2024\/07\/Atelier.png\" alt=\"\" class=\"wp-image-492\" srcset=\"https:\/\/vs-waldzell.at\/wp-content\/uploads\/2024\/07\/Atelier.png 614w, https:\/\/vs-waldzell.at\/wp-content\/uploads\/2024\/07\/Atelier-246x300.png 246w\" sizes=\"auto, (max-width: 614px) 100vw, 614px\" \/><\/figure>\n\n\n\n<figure class=\"wp-block-image size-full\"><img loading=\"lazy\" decoding=\"async\" width=\"711\" height=\"631\" src=\"https:\/\/vs-waldzell.at\/wp-content\/uploads\/2024\/07\/Atelier-2.png\" alt=\"\" class=\"wp-image-493\" srcset=\"https:\/\/vs-waldzell.at\/wp-content\/uploads\/2024\/07\/Atelier-2.png 711w, https:\/\/vs-waldzell.at\/wp-content\/uploads\/2024\/07\/Atelier-2-300x266.png 300w\" sizes=\"auto, (max-width: 711px) 100vw, 711px\" \/><\/figure>\n\n\n\n<h2 class=\"wp-block-heading\">Besuch am Bauernhof<\/h2>\n\n\n\n<p>Am 20. Juni machten sich die Eulenklasse und Bienchenklasse auf den Weg zu einem nahegelegenen Bauernhof und hatten dabei viel Spa\u00df und Freude. Die Kinder durften die Tiere streicheln und f\u00fcttern. Die B\u00e4uerinnen von Waldzell zeigten wie Butter entsteht und versorgten die Kinder mit einer leckeren Jause.<\/p>\n\n\n\n<figure class=\"wp-block-image size-large\"><img loading=\"lazy\" decoding=\"async\" width=\"1024\" height=\"1016\" src=\"https:\/\/vs-waldzell.at\/wp-content\/uploads\/2024\/06\/image-2-1024x1016.png\" alt=\"\" class=\"wp-image-480\" srcset=\"https:\/\/vs-waldzell.at\/wp-content\/uploads\/2024\/06\/image-2-1024x1016.png 1024w, https:\/\/vs-waldzell.at\/wp-content\/uploads\/2024\/06\/image-2-300x298.png 300w, https:\/\/vs-waldzell.at\/wp-content\/uploads\/2024\/06\/image-2-150x150.png 150w, https:\/\/vs-waldzell.at\/wp-content\/uploads\/2024\/06\/image-2-768x762.png 768w, https:\/\/vs-waldzell.at\/wp-content\/uploads\/2024\/06\/image-2.png 1110w\" sizes=\"auto, (max-width: 1024px) 100vw, 1024px\" \/><\/figure>\n\n\n\n<h2 class=\"wp-block-heading\">Wandertag mit den Brieffreunden aus Mettmach<\/h2>\n\n\n\n<p>Am 19.06 brach die 3a Klasse bei strahlendem Sonnenschein auf Richtung Lohnsburg. In einem Waldst\u00fcck trafen sie dann auf die 2b Klasse der Volksschule Mettmach. Schon seit mehreren Monaten schreiben sich die Kinder regelm\u00e4\u00dfig Briefe und f\u00fchren dadurch eine tolle Brieffreundschaft. Nun haben sie sich das erste Mal pers\u00f6nlich getroffen. Bei spielerischen Aktivit\u00e4ten im Wald konnten sich die Kinder noch besser kennenlernen. Alles in allem hatten alle Kinder sehr viel Spa\u00df bei diesem Ausflug und freuen sich schon sehr auf ein baldiges Wiedersehen.<\/p>\n\n\n\n<figure class=\"wp-block-image size-full\"><img loading=\"lazy\" decoding=\"async\" width=\"750\" height=\"622\" src=\"https:\/\/vs-waldzell.at\/wp-content\/uploads\/2024\/06\/Wandertag-Brieffreunde.png\" alt=\"\" class=\"wp-image-475\" srcset=\"https:\/\/vs-waldzell.at\/wp-content\/uploads\/2024\/06\/Wandertag-Brieffreunde.png 750w, https:\/\/vs-waldzell.at\/wp-content\/uploads\/2024\/06\/Wandertag-Brieffreunde-300x249.png 300w\" sizes=\"auto, (max-width: 750px) 100vw, 750px\" \/><\/figure>\n\n\n\n<h2 class=\"wp-block-heading\">Mission Wildbiene<\/h2>\n\n\n\n<p>Die 3b Klasse wurde bei der &#8222;Mission Wildbiene&#8220; von Regina Roitinger besucht. Mit Spiel und Spa\u00df lernten sie \u00fcber Hummeln, Mauerbienen, Sandbienen und Co, lernten verschiedene Lebensr\u00e4ume und dessen Bewohner kennen bauten eine einfache Nisthilfe f\u00fcr Wildbienen. Danke Regina f\u00fcr die interessanten und informativen Stunden mit dir!<\/p>\n\n\n\n<figure class=\"wp-block-image size-large\"><img loading=\"lazy\" decoding=\"async\" width=\"1024\" height=\"843\" src=\"https:\/\/vs-waldzell.at\/wp-content\/uploads\/2024\/06\/image-1024x843.png\" alt=\"\" class=\"wp-image-472\" srcset=\"https:\/\/vs-waldzell.at\/wp-content\/uploads\/2024\/06\/image-1024x843.png 1024w, https:\/\/vs-waldzell.at\/wp-content\/uploads\/2024\/06\/image-300x247.png 300w, https:\/\/vs-waldzell.at\/wp-content\/uploads\/2024\/06\/image-768x632.png 768w, https:\/\/vs-waldzell.at\/wp-content\/uploads\/2024\/06\/image.png 1095w\" sizes=\"auto, (max-width: 1024px) 100vw, 1024px\" \/><\/figure>\n\n\n\n<h2 class=\"wp-block-heading\">Besuch der Schulanf\u00e4nger:innen<\/h2>\n\n\n\n<p>Auch heuer besuchten uns wieder die Schulanf\u00e4nger:innen aus dem Kindergarten f\u00fcr eine Unterrichtseinheit. Im Turnsaal wurden viele verschiedene Stationen aufgebaut. Die Kinder der 4. Klasse begleiteten sie durch den Parcours und halfen ihnen bei den unterschiedlichen \u00dcbungen. Sowohl die Gro\u00dfen als auch Kleinen hatten sichtlich viel Spa\u00df.<\/p>\n\n\n\n<figure class=\"wp-block-image size-full\"><img loading=\"lazy\" decoding=\"async\" width=\"660\" height=\"795\" src=\"https:\/\/vs-waldzell.at\/wp-content\/uploads\/2024\/06\/Schulanfaenger.png\" alt=\"\" class=\"wp-image-468\" srcset=\"https:\/\/vs-waldzell.at\/wp-content\/uploads\/2024\/06\/Schulanfaenger.png 660w, https:\/\/vs-waldzell.at\/wp-content\/uploads\/2024\/06\/Schulanfaenger-249x300.png 249w\" sizes=\"auto, (max-width: 660px) 100vw, 660px\" \/><\/figure>\n\n\n\n<h2 class=\"wp-block-heading\">Besuch von Quaxi und seinen Freunden<\/h2>\n\n\n\n<p>In den beiden ersten Schulstufen durften wir Gudrun Pichler, Abfallberaterin, sowie den Frosch Quaxi und seine Freunde aus dem Teich begr\u00fc\u00dfen. Die Sch\u00fclerinnen und Sch\u00fcler unterst\u00fctzten Quaxi eifrig, den verschmutzten Teich zu s\u00e4ubern und gleichzeitig darauf zu achten, den M\u00fcll ordnungsgem\u00e4\u00df zu trennen. Die Tiere freuten sich sehr dar\u00fcber, dass ihr Teich nun wieder sauber ist. Wir bedanken uns noch einmal recht herzlich f\u00fcr euren Besuch!<\/p>\n\n\n\n<figure class=\"wp-block-image size-large\"><img loading=\"lazy\" decoding=\"async\" width=\"1024\" height=\"929\" src=\"https:\/\/vs-waldzell.at\/wp-content\/uploads\/2024\/05\/image-1024x929.png\" alt=\"\" class=\"wp-image-463\" srcset=\"https:\/\/vs-waldzell.at\/wp-content\/uploads\/2024\/05\/image-1024x929.png 1024w, https:\/\/vs-waldzell.at\/wp-content\/uploads\/2024\/05\/image-300x272.png 300w, https:\/\/vs-waldzell.at\/wp-content\/uploads\/2024\/05\/image-768x697.png 768w, https:\/\/vs-waldzell.at\/wp-content\/uploads\/2024\/05\/image.png 1071w\" sizes=\"auto, (max-width: 1024px) 100vw, 1024px\" \/><\/figure>\n\n\n\n<h2 class=\"wp-block-heading\">Helfi-Wettbewerb<\/h2>\n\n\n\n<p>Heuer nahmen vier Gruppen am Helfi-Wettbewerb teil und konnten ihr theoretisches und praktisches Wissen \u00fcber Erste-Hilfe zeigen. Das viele \u00dcben mit Unterst\u00fctzung der beiden Klassenlehrerinnen Prof. Jasmin Litzlbauer und Prof. Tanja Priller sowie der tatkr\u00e4ftigen Hilfe von Fr. Helm hat sich gelohnt. Eine Gruppe holte den Tagessieg und zwei Gruppen teilten sich punktem\u00e4\u00dfig den zweiten Platz. Sie konnten sich f\u00fcr den Landesbewerb in Wels qualifizieren.<\/p>\n\n\n\n<p>Wir freuen uns riesig mit den Gewinner*innen, gratulieren zu dieser gro\u00dfartigen Leistung und w\u00fcnschen viel Gl\u00fcck f\u00fcr den Landesbewerb!<\/p>\n\n\n\n<figure class=\"wp-block-image size-large\"><img loading=\"lazy\" decoding=\"async\" width=\"920\" height=\"1024\" src=\"https:\/\/vs-waldzell.at\/wp-content\/uploads\/2024\/04\/image-920x1024.png\" alt=\"\" class=\"wp-image-457\" srcset=\"https:\/\/vs-waldzell.at\/wp-content\/uploads\/2024\/04\/image-920x1024.png 920w, https:\/\/vs-waldzell.at\/wp-content\/uploads\/2024\/04\/image-270x300.png 270w, https:\/\/vs-waldzell.at\/wp-content\/uploads\/2024\/04\/image-768x855.png 768w, https:\/\/vs-waldzell.at\/wp-content\/uploads\/2024\/04\/image.png 958w\" sizes=\"auto, (max-width: 920px) 100vw, 920px\" \/><\/figure>\n\n\n\n<h2 class=\"wp-block-heading\">Mozart-Ensemble<\/h2>\n\n\n\n<p>Am 14. M\u00e4rz besuchte uns wieder das Mozart-Ensemble. Heuer haben sie uns das St\u00fcck &#8222;Tom Sawyer&#8220; mitgebracht. Mit gro\u00dfer Begeisterung verwandelten sich viele unserer Sch\u00fclerinnen und Sch\u00fcler unter der Regie von Sabine Fuchs in kleine Schauspieler. <\/p>\n\n\n\n<figure class=\"wp-block-image size-full\"><img loading=\"lazy\" decoding=\"async\" width=\"728\" height=\"750\" src=\"https:\/\/vs-waldzell.at\/wp-content\/uploads\/2024\/04\/Mozart-Ensemble-1.png\" alt=\"\" class=\"wp-image-442\" srcset=\"https:\/\/vs-waldzell.at\/wp-content\/uploads\/2024\/04\/Mozart-Ensemble-1.png 728w, https:\/\/vs-waldzell.at\/wp-content\/uploads\/2024\/04\/Mozart-Ensemble-1-291x300.png 291w\" sizes=\"auto, (max-width: 728px) 100vw, 728px\" \/><\/figure>\n\n\n\n<figure class=\"wp-block-image size-full\"><img loading=\"lazy\" decoding=\"async\" width=\"727\" height=\"372\" src=\"https:\/\/vs-waldzell.at\/wp-content\/uploads\/2024\/04\/Mozart-Ensemble-1-1.png\" alt=\"\" class=\"wp-image-443\" srcset=\"https:\/\/vs-waldzell.at\/wp-content\/uploads\/2024\/04\/Mozart-Ensemble-1-1.png 727w, https:\/\/vs-waldzell.at\/wp-content\/uploads\/2024\/04\/Mozart-Ensemble-1-1-300x154.png 300w\" sizes=\"auto, (max-width: 727px) 100vw, 727px\" \/><\/figure>\n\n\n\n<h2 class=\"wp-block-heading\">Sportmesse<\/h2>\n\n\n\n<p>Auch heuer besuchten die 2., 3. und 4. Klassen wieder die Rieder Sportmesse. Die Kinder konnten den ganzen Vormittag die verschiedensten Sportarten ausprobieren und dabei auch Stempel sammeln. Die Zeit verging rasend schnell und die Kinder hatten sehr viel Freude beim Sporteln. <\/p>\n\n\n\n<figure class=\"wp-block-image size-full\"><img loading=\"lazy\" decoding=\"async\" width=\"801\" height=\"777\" src=\"https:\/\/vs-waldzell.at\/wp-content\/uploads\/2024\/03\/Sportmesse.png\" alt=\"\" class=\"wp-image-436\" srcset=\"https:\/\/vs-waldzell.at\/wp-content\/uploads\/2024\/03\/Sportmesse.png 801w, https:\/\/vs-waldzell.at\/wp-content\/uploads\/2024\/03\/Sportmesse-300x291.png 300w, https:\/\/vs-waldzell.at\/wp-content\/uploads\/2024\/03\/Sportmesse-768x745.png 768w\" sizes=\"auto, (max-width: 801px) 100vw, 801px\" \/><\/figure>\n\n\n\n<figure class=\"wp-block-image size-full\"><img loading=\"lazy\" decoding=\"async\" width=\"644\" height=\"425\" src=\"https:\/\/vs-waldzell.at\/wp-content\/uploads\/2024\/03\/Sportmesse-1.png\" alt=\"\" class=\"wp-image-437\" srcset=\"https:\/\/vs-waldzell.at\/wp-content\/uploads\/2024\/03\/Sportmesse-1.png 644w, https:\/\/vs-waldzell.at\/wp-content\/uploads\/2024\/03\/Sportmesse-1-300x198.png 300w\" sizes=\"auto, (max-width: 644px) 100vw, 644px\" \/><\/figure>\n\n\n\n<h2 class=\"wp-block-heading\">Wie fit bist du?<\/h2>\n\n\n\n<p>Am 17. J\u00e4nner besuchte ein Team des Sportlandes O\u00d6 die 3. Klassen und f\u00fchrte mit den Kindern die sportmotorische Testung &#8222;Wie fit bist du?&#8220; durch. Dabei wurden \u00dcbungen zur Schnelligkeit, Ausdauer, Kraft, Koordination und Beweglichkeit ausgef\u00fchrt. Im Anschluss erhielt jedes Kind eine Urkunde. <\/p>\n\n\n\n<figure class=\"wp-block-image size-full\"><img loading=\"lazy\" decoding=\"async\" width=\"860\" height=\"659\" src=\"https:\/\/vs-waldzell.at\/wp-content\/uploads\/2024\/01\/Wie-fit-bist-du.png\" alt=\"\" class=\"wp-image-426\" srcset=\"https:\/\/vs-waldzell.at\/wp-content\/uploads\/2024\/01\/Wie-fit-bist-du.png 860w, https:\/\/vs-waldzell.at\/wp-content\/uploads\/2024\/01\/Wie-fit-bist-du-300x230.png 300w, https:\/\/vs-waldzell.at\/wp-content\/uploads\/2024\/01\/Wie-fit-bist-du-768x589.png 768w\" sizes=\"auto, (max-width: 860px) 100vw, 860px\" \/><\/figure>\n\n\n\n<h2 class=\"wp-block-heading\">Adventfeier<\/h2>\n\n\n\n<p>Am 20.Dezember fand unsere Adventfeier statt. Aus platztechnischen Gr\u00fcnden wurde die Auff\u00fchrung zweimal aufgef\u00fchrt. Das Programm war sehr vielseitig. Neben Theaterst\u00fccken und einem Krippenspiel wurde auch viel musiziert und gesungen. Das Publikum war sichtlich begeistert. <br>Im Anschluss gab es dann vom Elternverein noch Gl\u00fchwein und Punsch. <\/p>\n\n\n\n<figure class=\"wp-block-image size-full\"><img loading=\"lazy\" decoding=\"async\" width=\"684\" height=\"783\" src=\"https:\/\/vs-waldzell.at\/wp-content\/uploads\/2024\/01\/Adventfeier.png\" alt=\"\" class=\"wp-image-420\" srcset=\"https:\/\/vs-waldzell.at\/wp-content\/uploads\/2024\/01\/Adventfeier.png 684w, https:\/\/vs-waldzell.at\/wp-content\/uploads\/2024\/01\/Adventfeier-262x300.png 262w\" sizes=\"auto, (max-width: 684px) 100vw, 684px\" \/><\/figure>\n\n\n\n<figure class=\"wp-block-image size-full\"><img loading=\"lazy\" decoding=\"async\" width=\"685\" height=\"301\" src=\"https:\/\/vs-waldzell.at\/wp-content\/uploads\/2024\/01\/Adventfeier-1.png\" alt=\"\" class=\"wp-image-421\" srcset=\"https:\/\/vs-waldzell.at\/wp-content\/uploads\/2024\/01\/Adventfeier-1.png 685w, https:\/\/vs-waldzell.at\/wp-content\/uploads\/2024\/01\/Adventfeier-1-300x132.png 300w\" sizes=\"auto, (max-width: 685px) 100vw, 685px\" \/><\/figure>\n\n\n\n<h2 class=\"wp-block-heading\">Ausfl\u00fcge im Dezember <\/h2>\n\n\n\n<p>Im Dezember fuhren wir in die Eislaufhalle nach Ried und einige Klassen gingen Bob fahren.<br>Die Kinder hatten sichtlich viel Spa\u00df. <\/p>\n\n\n\n<figure class=\"wp-block-image size-large\"><img loading=\"lazy\" decoding=\"async\" width=\"765\" height=\"1024\" src=\"https:\/\/vs-waldzell.at\/wp-content\/uploads\/2023\/12\/image-765x1024.png\" alt=\"\" class=\"wp-image-413\" srcset=\"https:\/\/vs-waldzell.at\/wp-content\/uploads\/2023\/12\/image-765x1024.png 765w, https:\/\/vs-waldzell.at\/wp-content\/uploads\/2023\/12\/image-224x300.png 224w, https:\/\/vs-waldzell.at\/wp-content\/uploads\/2023\/12\/image-768x1028.png 768w, https:\/\/vs-waldzell.at\/wp-content\/uploads\/2023\/12\/image.png 866w\" sizes=\"auto, (max-width: 765px) 100vw, 765px\" \/><\/figure>\n\n\n\n<figure class=\"wp-block-image size-full\"><img loading=\"lazy\" decoding=\"async\" width=\"869\" height=\"754\" src=\"https:\/\/vs-waldzell.at\/wp-content\/uploads\/2023\/12\/image-1.png\" alt=\"\" class=\"wp-image-414\" srcset=\"https:\/\/vs-waldzell.at\/wp-content\/uploads\/2023\/12\/image-1.png 869w, https:\/\/vs-waldzell.at\/wp-content\/uploads\/2023\/12\/image-1-300x260.png 300w, https:\/\/vs-waldzell.at\/wp-content\/uploads\/2023\/12\/image-1-768x666.png 768w\" sizes=\"auto, (max-width: 869px) 100vw, 869px\" \/><\/figure>\n\n\n\n<h2 class=\"wp-block-heading\">Christkindl aus der Schuhschachtel<\/h2>\n\n\n\n<p>Auch heuer fand wieder die Aktion Christkindl aus der Schuhschachtel statt. 68 Packerl wurden gespendet. Vielen Dank an alle Beteiligten!  <\/p>\n\n\n\n<figure class=\"wp-block-image size-large\"><img loading=\"lazy\" decoding=\"async\" width=\"768\" height=\"1024\" src=\"https:\/\/vs-waldzell.at\/wp-content\/uploads\/2023\/11\/20231122_084001-1-768x1024.jpg\" alt=\"\" class=\"wp-image-405\" srcset=\"https:\/\/vs-waldzell.at\/wp-content\/uploads\/2023\/11\/20231122_084001-1-768x1024.jpg 768w, https:\/\/vs-waldzell.at\/wp-content\/uploads\/2023\/11\/20231122_084001-1-225x300.jpg 225w, https:\/\/vs-waldzell.at\/wp-content\/uploads\/2023\/11\/20231122_084001-1-1152x1536.jpg 1152w, https:\/\/vs-waldzell.at\/wp-content\/uploads\/2023\/11\/20231122_084001-1-1536x2048.jpg 1536w, https:\/\/vs-waldzell.at\/wp-content\/uploads\/2023\/11\/20231122_084001-1-scaled.jpg 1920w\" sizes=\"auto, (max-width: 768px) 100vw, 768px\" \/><\/figure>\n\n\n\n<h2 class=\"wp-block-heading\">Gesunde Jause von den B\u00e4uerinnen<\/h2>\n\n\n\n<p>Am Montag, 24.10. brachten uns die Waldzeller B\u00e4uerinnen eine gesunde Jause. Den Kindern hat es sehr gut geschmeckt. <\/p>\n\n\n\n<figure class=\"wp-block-image size-large\"><img loading=\"lazy\" decoding=\"async\" width=\"1024\" height=\"903\" src=\"https:\/\/vs-waldzell.at\/wp-content\/uploads\/2023\/10\/image-1024x903.png\" alt=\"\" class=\"wp-image-398\" srcset=\"https:\/\/vs-waldzell.at\/wp-content\/uploads\/2023\/10\/image-1024x903.png 1024w, https:\/\/vs-waldzell.at\/wp-content\/uploads\/2023\/10\/image-300x265.png 300w, https:\/\/vs-waldzell.at\/wp-content\/uploads\/2023\/10\/image-768x678.png 768w, https:\/\/vs-waldzell.at\/wp-content\/uploads\/2023\/10\/image.png 1104w\" sizes=\"auto, (max-width: 1024px) 100vw, 1024px\" \/><\/figure>\n\n\n\n<h2 class=\"wp-block-heading\">Brandschutz\u00fcbung<\/h2>\n\n\n\n<p>Am Freitag, 20.10. f\u00fchrten wir die j\u00e4hrliche Brandschutz\u00fcbung durch. Nach der Alarmierung wurden die 3.Klassen \u00fcber das Fenster aus dem Schulgeb\u00e4ude &#8222;gerettet&#8220;. Anschlie\u00dfend durften die Kinder mit dem Feuerwehrauto mitfahren und mit dem Schlauch spritzen. Vielen Dank an die Freiwilligen der Feuerwehr!<\/p>\n\n\n\n<figure class=\"wp-block-image size-large\"><img loading=\"lazy\" decoding=\"async\" width=\"1024\" height=\"1024\" src=\"https:\/\/vs-waldzell.at\/wp-content\/uploads\/2023\/10\/image-1-1024x1024.png\" alt=\"\" class=\"wp-image-399\" srcset=\"https:\/\/vs-waldzell.at\/wp-content\/uploads\/2023\/10\/image-1-1024x1024.png 1024w, https:\/\/vs-waldzell.at\/wp-content\/uploads\/2023\/10\/image-1-300x300.png 300w, https:\/\/vs-waldzell.at\/wp-content\/uploads\/2023\/10\/image-1-150x150.png 150w, https:\/\/vs-waldzell.at\/wp-content\/uploads\/2023\/10\/image-1-768x769.png 768w, https:\/\/vs-waldzell.at\/wp-content\/uploads\/2023\/10\/image-1.png 1101w\" sizes=\"auto, (max-width: 1024px) 100vw, 1024px\" \/><\/figure>\n\n\n\n<h2 class=\"wp-block-heading\">Christkindl aus der Schuhschachtel<\/h2>\n\n\n\n<p>Heuer nehmen wir wieder an der Aktion &#8222;Christkindl aus der Schuhschachtel&#8220; teil. Die Weihnachtspakete werden in das ukrainische Theresiental \u00fcberbracht. Alle, die so ein Weihnachtspackerl spenden m\u00f6chten, sollen bitte bis 17. November das dazugeh\u00f6rige Formular (erhalten die Kinder) ausf\u00fcllen und bis sp\u00e4testens 24.November die Schuhschachteln in der Schule  abgeben. <\/p>\n\n\n\n<p>Vielen herzlichen Dank!<\/p>\n\n\n\n<p><\/p>\n\n\n\n<p><\/p>\n","protected":false},"excerpt":{"rendered":"<p>Wandertag 3a + 3b In der vorletzten Schulwoche wanderten die dritten Klassen von Schildorn zum Prameter Badesee. In Pramet durften wir spontan das Stelzhammerhaus von innen betrachten. Am Prameter Badesee angekommen, haben sich die Kinder die Abk\u00fchlung richtig verdient. Projekttag Im Zuge unserer Atelierstunden fand am 26.06 der Projekttag statt. Die Experimenten-Gruppe fuhr ins Welios &hellip; <a href=\"https:\/\/vs-waldzell.at\/?page_id=507\" class=\"more-link\"><span class=\"screen-reader-text\">2023\/24<\/span> weiterlesen <span class=\"meta-nav\">&rarr;<\/span><\/a><\/p>\n","protected":false},"author":1,"featured_media":0,"parent":0,"menu_order":0,"comment_status":"closed","ping_status":"closed","template":"","meta":{"footnotes":""},"class_list":["post-507","page","type-page","status-publish","hentry"],"_links":{"self":[{"href":"https:\/\/vs-waldzell.at\/index.php?rest_route=\/wp\/v2\/pages\/507","targetHints":{"allow":["GET"]}}],"collection":[{"href":"https:\/\/vs-waldzell.at\/index.php?rest_route=\/wp\/v2\/pages"}],"about":[{"href":"https:\/\/vs-waldzell.at\/index.php?rest_route=\/wp\/v2\/types\/page"}],"author":[{"embeddable":true,"href":"https:\/\/vs-waldzell.at\/index.php?rest_route=\/wp\/v2\/users\/1"}],"replies":[{"embeddable":true,"href":"https:\/\/vs-waldzell.at\/index.php?rest_route=%2Fwp%2Fv2%2Fcomments&post=507"}],"version-history":[{"count":3,"href":"https:\/\/vs-waldzell.at\/index.php?rest_route=\/wp\/v2\/pages\/507\/revisions"}],"predecessor-version":[{"id":512,"href":"https:\/\/vs-waldzell.at\/index.php?rest_route=\/wp\/v2\/pages\/507\/revisions\/512"}],"wp:attachment":[{"href":"https:\/\/vs-waldzell.at\/index.php?rest_route=%2Fwp%2Fv2%2Fmedia&parent=507"}],"curies":[{"name":"wp","href":"https:\/\/api.w.org\/{rel}","templated":true}]}}